{"id":5196,"date":"2026-03-26T16:24:43","date_gmt":"2026-03-26T15:24:43","guid":{"rendered":"https:\/\/ventureo.fr\/courses\/la-reforme-du-droit-de-la-copropriete-elan-ordonnance-climat-et-resilience-habitat-degrade-2\/"},"modified":"2026-03-26T16:24:44","modified_gmt":"2026-03-26T15:24:44","slug":"la-reforme-du-droit-de-la-copropriete-elan-ordonnance-climat-et-resilience-habitat-degrade-2","status":"publish","type":"courses","link":"https:\/\/ventureo.fr\/en\/courses\/la-reforme-du-droit-de-la-copropriete-elan-ordonnance-climat-et-resilience-habitat-degrade-2\/","title":{"rendered":"Condominium Law Reform: ELAN, Ordinance, Climate and Resilience, Substandard Housing"},"content":{"rendered":"<p data-start=\"91\" data-end=\"451\">Ce cours complet vous propose une analyse approfondie des <strong data-start=\"149\" data-end=\"170\">r\u00e9formes majeures<\/strong> qui ont <strong data-start=\"179\" data-end=\"193\">transform\u00e9<\/strong> le droit de la <strong data-start=\"209\" data-end=\"224\">copropri\u00e9t\u00e9<\/strong> en France depuis 2018. De la loi ELAN \u00e0 la loi <strong data-start=\"272\" data-end=\"291\">Habitat d\u00e9grad\u00e9<\/strong>, en passant par l\u2019ordonnance de 2019 et la loi <strong data-start=\"339\" data-end=\"363\">Climat et R\u00e9silience<\/strong>, you <strong data-start=\"370\" data-end=\"385\">ma\u00eetriserez<\/strong> les <strong data-start=\"390\" data-end=\"435\">\u00e9volutions l\u00e9gislatives et r\u00e9glementaires<\/strong> essentielles.<\/p>\n<p data-start=\"458\" data-end=\"862\"><strong data-start=\"458\" data-end=\"469\">Destin\u00e9<\/strong> aux professionnels de l\u2019immobilier, aux syndics et aux gestionnaires de <strong data-start=\"542\" data-end=\"558\">copropri\u00e9t\u00e9s<\/strong>, ce parcours couvre le statut de la copropri\u00e9t\u00e9, les missions du syndic, le fonctionnement de l\u2019<strong data-start=\"655\" data-end=\"677\" data-is-only-node=\"\">assembl\u00e9e g\u00e9n\u00e9rale<\/strong>, le conseil syndical <strong data-start=\"699\" data-end=\"711\">renforc\u00e9<\/strong>, les petites copropri\u00e9t\u00e9s, ainsi que l\u2019ensemble du volet <strong data-start=\"769\" data-end=\"795\">r\u00e9novation \u00e9nerg\u00e9tique<\/strong> (DPE collectif, PPT, MaPrimeR\u00e9nov\u2019, \u00e9co-PTZ, emprunt collectif).<\/p>\n<p data-start=\"869\" data-end=\"995\">Une formation indispensable pour <strong data-start=\"902\" data-end=\"915\">s\u00e9curiser<\/strong> votre pratique professionnelle face \u00e0 cinq ann\u00e9es de <strong data-start=\"969\" data-end=\"994\">r\u00e9formes l\u00e9gislatives<\/strong>.<\/p>","protected":false},"excerpt":{"rendered":"<p>Ce cours complet vous propose une analyse approfondie des r\u00e9formes majeures qui ont transform\u00e9 le droit de la copropri\u00e9t\u00e9 en France depuis 2018. De la loi ELAN \u00e0 la loi Habitat d\u00e9grad\u00e9, en passant par l\u2019ordonnance de 2019 et la loi Climat et R\u00e9silience, vous ma\u00eetriserez les \u00e9volutions l\u00e9gislatives et r\u00e9glementaires essentielles. Destin\u00e9 aux professionnels [&hellip;]<\/p>\n","protected":false},"author":1,"featured_media":5213,"template":"","course-category":[58],"course-tag":[59,69],"class_list":["post-5196","courses","type-courses","status-publish","has-post-thumbnail","hentry","course-category-safar","course-tag-safar","course-tag-safar-transverse"],"_links":{"self":[{"href":"https:\/\/ventureo.fr\/en\/wp-json\/wp\/v2\/courses\/5196","targetHints":{"allow":["GET"]}}],"collection":[{"href":"https:\/\/ventureo.fr\/en\/wp-json\/wp\/v2\/courses"}],"about":[{"href":"https:\/\/ventureo.fr\/en\/wp-json\/wp\/v2\/types\/courses"}],"author":[{"embeddable":true,"href":"https:\/\/ventureo.fr\/en\/wp-json\/wp\/v2\/users\/1"}],"wp:featuredmedia":[{"embeddable":true,"href":"https:\/\/ventureo.fr\/en\/wp-json\/wp\/v2\/media\/5213"}],"wp:attachment":[{"href":"https:\/\/ventureo.fr\/en\/wp-json\/wp\/v2\/media?parent=5196"}],"wp:term":[{"taxonomy":"course-category","embeddable":true,"href":"https:\/\/ventureo.fr\/en\/wp-json\/wp\/v2\/course-category?post=5196"},{"taxonomy":"course-tag","embeddable":true,"href":"https:\/\/ventureo.fr\/en\/wp-json\/wp\/v2\/course-tag?post=5196"}],"curies":[{"name":"wp","href":"https:\/\/api.w.org\/{rel}","templated":true}]}}